{"id":1739,"date":"2022-01-13T14:54:11","date_gmt":"2022-01-13T14:54:11","guid":{"rendered":"https:\/\/www.inchwildfowlreserve.ie\/anseo-cifidh-tu-folachan-eanbhreathnoireachta-tready-as-a-bhfaighidh-tu-radhairc-ar-doigh-ar-an-loch-ag-amharc-o-thuaidh-agus-siar\/"},"modified":"2022-07-01T13:52:01","modified_gmt":"2022-07-01T13:52:01","slug":"anseo-cifidh-tu-folachan-eanbhreathnoireachta-tready-as-a-bhfaighidh-tu-radhairc-ar-doigh-ar-an-loch-ag-amharc-o-thuaidh-agus-siar","status":"publish","type":"page","link":"https:\/\/www.inchwildfowlreserve.ie\/ga\/anseo-cifidh-tu-folachan-eanbhreathnoireachta-tready-as-a-bhfaighidh-tu-radhairc-ar-doigh-ar-an-loch-ag-amharc-o-thuaidh-agus-siar\/","title":{"rendered":"Anseo c\u00edfidh t\u00fa Folach\u00e1n \u00c9anbhreathn\u00f3ireachta Tready as a bhfaighidh t\u00fa radhairc ar d\u00f3igh ar an loch ag amharc \u00f3 thuaidh agus siar."},"content":{"rendered":"\n<h2 class=\"wp-block-heading\" id=\"welcome\">F\u00e1ilte<\/h2>\n\n<div class=\"wp-block-columns is-layout-flex wp-container-core-columns-is-layout-9d6595d7 wp-block-columns-is-layout-flex\">\n<div class=\"wp-block-column is-vertically-aligned-center is-layout-flow wp-block-column-is-layout-flow\">\n<p id=\"u908-2\">T\u00e1 Anaclann \u00c9anlaithe Fi\u00e1ine na hInse suite ar an taobh thoir de Loch S\u00fail\u00ed, thart ar 8 km \u00f3 dheas de Bhun Cranncha. Taca\u00edonn s\u00e9 le h\u00e9ags\u00falacht leathan \u00e9an uisce geimhridh, go h\u00e1irithe eala\u00ed agus g\u00e9anna, chomh maith le geabhr\u00f3ga, faoile\u00e1in, lapair\u00ed agus lachain.<\/p>\n<\/div>\n<\/div>\n\n<figure class=\"wp-block-image size-large\"><img loading=\"lazy\" decoding=\"async\" width=\"1024\" height=\"1010\" src=\"https:\/\/www.inchwildfowlreserve.ie\/wp-content\/uploads\/2022\/01\/Inch_Map-crop-1024x1010.png\" alt=\"Cos&#xE1;n L&#xFA;btha Anaclann &#xC9;anlaithe Fi&#xE1;ine na hInse\" class=\"wp-image-1411\" srcset=\"https:\/\/www.inchwildfowlreserve.ie\/wp-content\/uploads\/2022\/01\/Inch_Map-crop-1024x1010.png 1024w, https:\/\/www.inchwildfowlreserve.ie\/wp-content\/uploads\/2022\/01\/Inch_Map-crop-300x296.png 300w, https:\/\/www.inchwildfowlreserve.ie\/wp-content\/uploads\/2022\/01\/Inch_Map-crop-768x758.png 768w, https:\/\/www.inchwildfowlreserve.ie\/wp-content\/uploads\/2022\/01\/Inch_Map-crop-1536x1515.png 1536w, https:\/\/www.inchwildfowlreserve.ie\/wp-content\/uploads\/2022\/01\/Inch_Map-crop-2048x2020.png 2048w\" sizes=\"auto, (max-width: 1024px) 100vw, 1024px\" \/><\/figure>\n\n<p>Is f\u00e9idir le cuairteoir\u00ed f\u00e9achaint ar \u00e9in \u00f3n chos\u00e1n l\u00fabtha 8km timpeall an locha n\u00f3 \u00f3 cheann de thr\u00ed fholach\u00e1n \u00e9anbhreathn\u00f3ireachta at\u00e1 oscailte don phobal. T\u00e1 an su\u00edomh ar oscailt 365 l\u00e1 sa bhliain le go mbainfidh t\u00fa taitneamh as agus n\u00edl aon t\u00e1ille iontr\u00e1la i gceist.<\/p>\n\n<h2 class=\"wp-block-heading\" id=\"guided-tour\">Turas Treoraithe<\/h2>\n\n<div class=\"wp-block-columns is-layout-flex wp-container-core-columns-is-layout-9d6595d7 wp-block-columns-is-layout-flex\">\n<div class=\"wp-block-column is-layout-flow wp-block-column-is-layout-flow\">\n<figure class=\"wp-block-image size-full\"><img loading=\"lazy\" decoding=\"async\" width=\"475\" height=\"350\" src=\"https:\/\/www.inchwildfowlreserve.ie\/wp-content\/uploads\/2022\/01\/pump-house.jpg\" alt=\"G&#xE9;anna\" class=\"wp-image-1198\" srcset=\"https:\/\/www.inchwildfowlreserve.ie\/wp-content\/uploads\/2022\/01\/pump-house.jpg 475w, https:\/\/www.inchwildfowlreserve.ie\/wp-content\/uploads\/2022\/01\/pump-house-300x221.jpg 300w\" sizes=\"auto, (max-width: 475px) 100vw, 475px\" \/><\/figure>\n<\/div>\n\n\n\n<div class=\"wp-block-column is-layout-flow wp-block-column-is-layout-flow\">\n<div class=\"wp-block-group\"><div class=\"wp-block-group__inner-container is-layout-flow wp-block-group-is-layout-flow\">\n<div class=\"wp-block-group\"><div class=\"wp-block-group__inner-container is-layout-flow wp-block-group-is-layout-flow\">\n<p class=\"has-black-color has-text-color has-medium-font-size\" id=\"u927-2\"><mark style=\"background-color:rgba(0, 0, 0, 0)\" class=\"has-inline-color has-black-color\"><strong>Carrchl\u00f3s an T\u00ed Chaid\u00e9il<\/strong><\/mark><\/p>\n\n\n\n<p id=\"u927-5\">D\u00e1 mbeife\u00e1 i do sheasamh anseo 200 bliain \u00f3 shin bheife\u00e1 s\u00e1ite sa l\u00e1ib n\u00f3 faoi uisce Loch S\u00fail\u00ed. T\u00f3gadh an talamh feirme taobh thiar d\u00edot ar ais \u00f3n fharraige os cionn 160 bliain \u00f3 shin agus rinneadh cuid de na tailte feirme is saibhre sa t\u00edr as. <a href=\"https:\/\/www.inchwildfowlreserve.ie\/ga\/carrchlos-an-ti-chaideil\/\" aria-label=\"More on Pump House Car Park\" rel=\"noreferrer noopener\">tuilleadh&#8230;<\/a><\/p>\n<\/div><\/div>\n<\/div><\/div>\n<\/div>\n<\/div>\n\n<div class=\"wp-block-columns is-layout-flex wp-container-core-columns-is-layout-9d6595d7 wp-block-columns-is-layout-flex\">\n<div class=\"wp-block-column is-layout-flow wp-block-column-is-layout-flow\">\n<figure class=\"wp-block-image size-full\"><img loading=\"lazy\" decoding=\"async\" width=\"435\" height=\"290\" src=\"https:\/\/www.inchwildfowlreserve.ie\/wp-content\/uploads\/2022\/01\/treadyhide2.jpg\" alt=\"Folach&#xE1;n Tready\" class=\"wp-image-1216\" srcset=\"https:\/\/www.inchwildfowlreserve.ie\/wp-content\/uploads\/2022\/01\/treadyhide2.jpg 435w, https:\/\/www.inchwildfowlreserve.ie\/wp-content\/uploads\/2022\/01\/treadyhide2-300x200.jpg 300w\" sizes=\"auto, (max-width: 435px) 100vw, 435px\" \/><\/figure>\n<\/div>\n\n\n\n<div class=\"wp-block-column is-layout-flow wp-block-column-is-layout-flow\">\n<p class=\"has-black-color has-text-color has-medium-font-size\" id=\"u945-2\"><strong>Folach\u00e1n Tready<\/strong><\/p>\n\n\n\n<p id=\"u945-5\">Anseo c\u00edfidh t\u00fa Folach\u00e1n \u00c9anbhreathn\u00f3ireachta Tready as a bhfaighidh t\u00fa radhairc ar d\u00f3igh ar an loch ag amharc \u00f3 thuaidh agus siar.  <a href=\"https:\/\/www.inchwildfowlreserve.ie\/ga\/folachan-tready\/\" aria-label=\"More on Tready Hide\" rel=\"noreferrer noopener\">tuilleadh&#8230;<\/a><\/p>\n<\/div>\n<\/div>\n\n<div class=\"wp-block-columns is-layout-flex wp-container-core-columns-is-layout-9d6595d7 wp-block-columns-is-layout-flex\">\n<div class=\"wp-block-column is-layout-flow wp-block-column-is-layout-flow\">\n<figure class=\"wp-block-image size-full\"><img loading=\"lazy\" decoding=\"async\" width=\"475\" height=\"350\" src=\"https:\/\/www.inchwildfowlreserve.ie\/wp-content\/uploads\/2022\/01\/farland-carpark.jpg\" alt=\"Carrchl&#xF3;s Farland\" class=\"wp-image-1173\" srcset=\"https:\/\/www.inchwildfowlreserve.ie\/wp-content\/uploads\/2022\/01\/farland-carpark.jpg 475w, https:\/\/www.inchwildfowlreserve.ie\/wp-content\/uploads\/2022\/01\/farland-carpark-300x221.jpg 300w\" sizes=\"auto, (max-width: 475px) 100vw, 475px\" \/><\/figure>\n<\/div>\n\n\n\n<div class=\"wp-block-column is-layout-flow wp-block-column-is-layout-flow\">\n<p class=\"has-black-color has-text-color has-medium-font-size\" id=\"u958-2\"><strong>Carrchl\u00f3s Farland<\/strong><\/p>\n\n\n\n<p id=\"u958-5\">Nuair a cuireadh t\u00fas le tionscadal an Mh\u00ednt\u00edrithe thart ar 1850, crutha\u00edodh tr\u00ed chla\u00edfort, Cla\u00edfort Tready, Cla\u00edfort Farland agus Cla\u00edfort na hInse. Crutha\u00edodh cla\u00edfoirt Farland agus na hInse chun na taoid\u00ed a choinne\u00e1il siar, agus t\u00f3gadh Cla\u00edfort Tready ag roinnt an locha agus na feirme.  <a href=\"https:\/\/www.inchwildfowlreserve.ie\/ga\/carrchlos-farland\/\" aria-label=\"More on Farland Carpark\" rel=\"noreferrer noopener\">tuilleadh&#8230;<\/a><\/p>\n<\/div>\n<\/div>\n\n<div class=\"wp-block-columns is-layout-flex wp-container-core-columns-is-layout-9d6595d7 wp-block-columns-is-layout-flex\">\n<div class=\"wp-block-column is-layout-flow wp-block-column-is-layout-flow\">\n<figure class=\"wp-block-image size-full\"><img loading=\"lazy\" decoding=\"async\" width=\"503\" height=\"335\" src=\"https:\/\/www.inchwildfowlreserve.ie\/wp-content\/uploads\/2022\/01\/farland-bank-hide.jpg\" alt=\"Folach&#xE1;n Chla&#xED;fort Farland\" class=\"wp-image-1171\" srcset=\"https:\/\/www.inchwildfowlreserve.ie\/wp-content\/uploads\/2022\/01\/farland-bank-hide.jpg 503w, https:\/\/www.inchwildfowlreserve.ie\/wp-content\/uploads\/2022\/01\/farland-bank-hide-300x200.jpg 300w\" sizes=\"auto, (max-width: 503px) 100vw, 503px\" \/><\/figure>\n<\/div>\n\n\n\n<div class=\"wp-block-column is-layout-flow wp-block-column-is-layout-flow\">\n<p class=\"has-black-color has-text-color has-medium-font-size\" id=\"u966-2\"><strong>Folach\u00e1n Chla\u00edfort Farland<\/strong><\/p>\n\n\n\n<p>Anois ag taobh an Oile\u00e1in de Chla\u00edfort Farland, t\u00e1 radhairc gan s\u00e1r\u00fa agat amach ar an Anaclann agus n\u00edos faide anonn. Beidh t\u00fa in ann Grian\u00e1n Ailigh a fheice\u00e1il soir \u00f3 dheas, Caisle\u00e1n na Birte siar \u00f3 dheas, caisle\u00e1n na hInse siar uait agus an Scailp soir \u00f3 thuaidh. <a href=\"https:\/\/www.inchwildfowlreserve.ie\/ga\/folachan-chlaifort-farland\/\">tuilleadh&#8230;<\/a><\/p>\n<\/div>\n<\/div>\n\n<div class=\"wp-block-columns is-layout-flex wp-container-core-columns-is-layout-9d6595d7 wp-block-columns-is-layout-flex\">\n<div class=\"wp-block-column is-layout-flow wp-block-column-is-layout-flow\">\n<figure class=\"wp-block-image size-full\"><img loading=\"lazy\" decoding=\"async\" width=\"475\" height=\"350\" src=\"https:\/\/www.inchwildfowlreserve.ie\/wp-content\/uploads\/2022\/01\/mc-graths-car-park.jpg\" alt=\"Carrchl&#xF3;s McGrath&#x2019;s\" class=\"wp-image-1196\" srcset=\"https:\/\/www.inchwildfowlreserve.ie\/wp-content\/uploads\/2022\/01\/mc-graths-car-park.jpg 475w, https:\/\/www.inchwildfowlreserve.ie\/wp-content\/uploads\/2022\/01\/mc-graths-car-park-300x221.jpg 300w\" sizes=\"auto, (max-width: 475px) 100vw, 475px\" \/><\/figure>\n<\/div>\n\n\n\n<div class=\"wp-block-column is-layout-flow wp-block-column-is-layout-flow\">\n<p class=\"has-black-color has-text-color has-medium-font-size\" id=\"u974-2\"><strong>McGrath&#8217;s<\/strong><\/p>\n\n\n\n<p id=\"u974-5\">Tugtar McGraths go h\u00e1iti\u00fail ar an cheantar seo, ainm at\u00e1 coitianta go h\u00e1iti\u00fail. \u00c1it ghn\u00f3thach \u00ed an chuid seo den oile\u00e1n leis na c\u00e9adta n\u00f3 fi\u00fa na m\u00edlte bliain, \u00e1it ar th\u00e1inig an seanbh\u00f3thar poibl\u00ed ar an oile\u00e1n. Is f\u00e9idir na marcanna a l\u00e9ir\u00edonn an seanbh\u00f3thar ag dul trasna an locha a fheice\u00e1il go soil\u00e9ir inniu.   <a href=\"https:\/\/www.inchwildfowlreserve.ie\/ga\/mcgraths\/\" aria-label=\"More on McGrath's Car Park\">tuilleadh&#8230;<\/a><\/p>\n<\/div>\n<\/div>\n\n<div class=\"wp-block-columns is-layout-flex wp-container-core-columns-is-layout-9d6595d7 wp-block-columns-is-layout-flex\">\n<div class=\"wp-block-column is-layout-flow wp-block-column-is-layout-flow\">\n<figure class=\"wp-block-image size-full\"><img loading=\"lazy\" decoding=\"async\" width=\"475\" height=\"350\" src=\"https:\/\/www.inchwildfowlreserve.ie\/wp-content\/uploads\/2022\/01\/bank-end.jpg\" alt=\"Cl&#xE1;rchos&#xE1;n\" class=\"wp-image-1166\" srcset=\"https:\/\/www.inchwildfowlreserve.ie\/wp-content\/uploads\/2022\/01\/bank-end.jpg 475w, https:\/\/www.inchwildfowlreserve.ie\/wp-content\/uploads\/2022\/01\/bank-end-300x221.jpg 300w\" sizes=\"auto, (max-width: 475px) 100vw, 475px\" \/><\/figure>\n<\/div>\n\n\n\n<div class=\"wp-block-column is-layout-flow wp-block-column-is-layout-flow\">\n<p class=\"has-black-color has-text-color has-medium-font-size\" id=\"u984-2\"><strong>Ceann an Chla\u00edfoirt<\/strong><\/p>\n\n\n\n<p id=\"u984-5\">Agus t\u00fa ag dul isteach ar chl\u00e1rchos\u00e1n na coille fliche, t\u00e1 t\u00fa tumtha i ngn\u00e1th\u00f3g nua. Cuir cluas ort f\u00e9in agus cluinfidh t\u00fa \u00e9in ag canadh sna crainn agus \u00f3n ch\u00edbleach ar imeall an locha.  <a href=\"https:\/\/www.inchwildfowlreserve.ie\/ga\/ceann-an-chlaifoirt\/\">tuilleadh&#8230;<\/a><\/p>\n<\/div>\n<\/div>\n\n<div class=\"wp-block-columns is-layout-flex wp-container-core-columns-is-layout-9d6595d7 wp-block-columns-is-layout-flex\">\n<div class=\"wp-block-column is-layout-flow wp-block-column-is-layout-flow\">\n<figure class=\"wp-block-image size-full\"><img loading=\"lazy\" decoding=\"async\" width=\"475\" height=\"350\" src=\"https:\/\/www.inchwildfowlreserve.ie\/wp-content\/uploads\/2022\/01\/fowlers.jpg\" alt=\"Loch agus B&#xF3;thar\" class=\"wp-image-1177\" srcset=\"https:\/\/www.inchwildfowlreserve.ie\/wp-content\/uploads\/2022\/01\/fowlers.jpg 475w, https:\/\/www.inchwildfowlreserve.ie\/wp-content\/uploads\/2022\/01\/fowlers-300x221.jpg 300w\" sizes=\"auto, (max-width: 475px) 100vw, 475px\" \/><\/figure>\n<\/div>\n\n\n\n<div class=\"wp-block-column is-layout-flow wp-block-column-is-layout-flow\">\n<p class=\"has-black-color has-text-color has-medium-font-size\" id=\"u993-2\"><strong>Fowler\u2019s<\/strong><\/p>\n\n\n\n<p id=\"u993-5\">Th\u00e1inig muintir Fowler chun c\u00f3naithe anseo thart ar an am ar t\u00f3gadh na cla\u00edfoirt i l\u00e1r na mblianta 1800. <a href=\"https:\/\/www.inchwildfowlreserve.ie\/ga\/fowlers\/\">tuilleadh&#8230;<\/a><\/p>\n<\/div>\n<\/div>\n\n<div class=\"wp-block-columns is-layout-flex wp-container-core-columns-is-layout-9d6595d7 wp-block-columns-is-layout-flex\">\n<div class=\"wp-block-column is-layout-flow wp-block-column-is-layout-flow\">\n<figure class=\"wp-block-image size-full\"><img loading=\"lazy\" decoding=\"async\" width=\"421\" height=\"281\" src=\"https:\/\/www.inchwildfowlreserve.ie\/wp-content\/uploads\/2022\/01\/tooban-hide.jpg\" alt=\"Folach&#xE1;n Thaobh B&#xE1;n\" class=\"wp-image-1214\" srcset=\"https:\/\/www.inchwildfowlreserve.ie\/wp-content\/uploads\/2022\/01\/tooban-hide.jpg 421w, https:\/\/www.inchwildfowlreserve.ie\/wp-content\/uploads\/2022\/01\/tooban-hide-300x200.jpg 300w\" sizes=\"auto, (max-width: 421px) 100vw, 421px\" \/><\/figure>\n<\/div>\n\n\n\n<div class=\"wp-block-column is-layout-flow wp-block-column-is-layout-flow\">\n<p class=\"has-black-color has-text-color has-medium-font-size\" id=\"u1001-2\"><strong>Folach\u00e1n Thaobh B\u00e1n<\/strong><\/p>\n\n\n\n<p id=\"u1001-5\">Agus t\u00fa i ndiaidh si\u00fal ar ais \u00f3 Oile\u00e1n na hInse i dtreo Thaobh B\u00e1n, bh\u00ed t\u00fa ag si\u00fal ar an seanl\u00edne Iarnr\u00f3id \u00f3 Bhun Cranncha go Doire. <a href=\"https:\/\/www.inchwildfowlreserve.ie\/ga\/folachan-thaobh-ban\/\">tuilleadh&#8230;<\/a><\/p>\n<\/div>\n<\/div>\n\n<div class=\"wp-block-columns is-layout-flex wp-container-core-columns-is-layout-9d6595d7 wp-block-columns-is-layout-flex\">\n<div class=\"wp-block-column is-layout-flow wp-block-column-is-layout-flow\">\n<figure class=\"wp-block-image size-full\"><img loading=\"lazy\" decoding=\"async\" width=\"475\" height=\"350\" src=\"https:\/\/www.inchwildfowlreserve.ie\/wp-content\/uploads\/2022\/01\/grianan-farm.jpg\" alt=\"Tarrac&#xF3;ir agus Comhbhuainteoir\" class=\"wp-image-1185\" srcset=\"https:\/\/www.inchwildfowlreserve.ie\/wp-content\/uploads\/2022\/01\/grianan-farm.jpg 475w, https:\/\/www.inchwildfowlreserve.ie\/wp-content\/uploads\/2022\/01\/grianan-farm-300x221.jpg 300w\" sizes=\"auto, (max-width: 475px) 100vw, 475px\" \/><\/figure>\n<\/div>\n\n\n\n<div class=\"wp-block-column is-layout-flow wp-block-column-is-layout-flow\">\n<p class=\"has-black-color has-text-color has-medium-font-size\" id=\"u1006-2\"><strong>Feirm an Ghrian\u00e1in<\/strong><\/p>\n\n\n\n<p id=\"u1006-5\">Crutha\u00edodh Feirm an Ghrian\u00e1in as l\u00e1ib agus riasc goirt Loch S\u00fail\u00ed os cionn 160 bliain \u00f3 shin. <a href=\"https:\/\/www.inchwildfowlreserve.ie\/ga\/feirm-an-ghrianain\/\">tuilleadh&#8230;<\/a><\/p>\n<\/div>\n<\/div>\n","protected":false},"excerpt":{"rendered":"<p>F\u00e1ilte T\u00e1 Anaclann \u00c9anlaithe Fi\u00e1ine na hInse suite ar an taobh thoir de Loch S\u00fail\u00ed, thart ar 8 km \u00f3 dheas de Bhun Cranncha. Taca\u00edonn s\u00e9 le h\u00e9ags\u00falacht leathan \u00e9an uisce geimhridh, go h\u00e1irithe eala\u00ed agus g\u00e9anna, chomh maith le geabhr\u00f3ga, faoile\u00e1in, lapair\u00ed agus lachain. Is f\u00e9idir le cuairteoir\u00ed f\u00e9achaint ar \u00e9in \u00f3n chos\u00e1n l\u00fabtha&#8230; <\/p>\n","protected":false},"author":6,"featured_media":0,"parent":0,"menu_order":0,"comment_status":"closed","ping_status":"closed","template":"no-sidebar.php","meta":{"footnotes":""},"categories":[32],"tags":[],"class_list":["post-1739","page","type-page","status-publish","hentry","category-cosan"],"yoast_head":"<!-- This site is optimized with the Yoast SEO plugin v27.5 - https:\/\/yoast.com\/product\/yoast-seo-wordpress\/ -->\n<title>Anseo c\u00edfidh t\u00fa Folach\u00e1n \u00c9anbhreathn\u00f3ireachta Tready as a bhfaighidh t\u00fa radhairc ar d\u00f3igh ar an loch ag amharc \u00f3 thuaidh agus siar. - Anaclann \u00c9anlaithe Fi\u00e1ine na hInse<\/title>\n<meta name=\"robots\" content=\"index, follow, max-snippet:-1, max-image-preview:large, max-video-preview:-1\" \/>\n<link rel=\"canonical\" href=\"https:\/\/www.inchwildfowlreserve.ie\/ga\/anseo-cifidh-tu-folachan-eanbhreathnoireachta-tready-as-a-bhfaighidh-tu-radhairc-ar-doigh-ar-an-loch-ag-amharc-o-thuaidh-agus-siar\/\" \/>\n<meta property=\"og:locale\" content=\"ga_IE\" \/>\n<meta property=\"og:type\" content=\"article\" \/>\n<meta property=\"og:title\" content=\"Anseo c\u00edfidh t\u00fa Folach\u00e1n \u00c9anbhreathn\u00f3ireachta Tready as a bhfaighidh t\u00fa radhairc ar d\u00f3igh ar an loch ag amharc \u00f3 thuaidh agus siar. - Anaclann \u00c9anlaithe Fi\u00e1ine na hInse\" \/>\n<meta property=\"og:description\" content=\"F\u00e1ilte T\u00e1 Anaclann \u00c9anlaithe Fi\u00e1ine na hInse suite ar an taobh thoir de Loch S\u00fail\u00ed, thart ar 8 km \u00f3 dheas de Bhun Cranncha. Taca\u00edonn s\u00e9 le h\u00e9ags\u00falacht leathan \u00e9an uisce geimhridh, go h\u00e1irithe eala\u00ed agus g\u00e9anna, chomh maith le geabhr\u00f3ga, faoile\u00e1in, lapair\u00ed agus lachain. Is f\u00e9idir le cuairteoir\u00ed f\u00e9achaint ar \u00e9in \u00f3n chos\u00e1n l\u00fabtha...\" \/>\n<meta property=\"og:url\" content=\"https:\/\/www.inchwildfowlreserve.ie\/ga\/anseo-cifidh-tu-folachan-eanbhreathnoireachta-tready-as-a-bhfaighidh-tu-radhairc-ar-doigh-ar-an-loch-ag-amharc-o-thuaidh-agus-siar\/\" \/>\n<meta property=\"og:site_name\" content=\"Anaclann \u00c9anlaithe Fi\u00e1ine na hInse\" \/>\n<meta property=\"article:modified_time\" content=\"2022-07-01T13:52:01+00:00\" \/>\n<meta property=\"og:image\" content=\"https:\/\/www.inchwildfowlreserve.ie\/wp-content\/uploads\/2022\/01\/Inch_Map-crop-1024x1010.png\" \/>\n<meta name=\"twitter:card\" content=\"summary_large_image\" \/>\n<meta name=\"twitter:label1\" content=\"Est. reading time\" \/>\n\t<meta name=\"twitter:data1\" content=\"3 minutes\" \/>\n<script type=\"application\/ld+json\" class=\"yoast-schema-graph\">{\"@context\":\"https:\\\/\\\/schema.org\",\"@graph\":[{\"@type\":\"WebPage\",\"@id\":\"https:\\\/\\\/www.inchwildfowlreserve.ie\\\/ga\\\/anseo-cifidh-tu-folachan-eanbhreathnoireachta-tready-as-a-bhfaighidh-tu-radhairc-ar-doigh-ar-an-loch-ag-amharc-o-thuaidh-agus-siar\\\/\",\"url\":\"https:\\\/\\\/www.inchwildfowlreserve.ie\\\/ga\\\/anseo-cifidh-tu-folachan-eanbhreathnoireachta-tready-as-a-bhfaighidh-tu-radhairc-ar-doigh-ar-an-loch-ag-amharc-o-thuaidh-agus-siar\\\/\",\"name\":\"Anseo c\u00edfidh t\u00fa Folach\u00e1n \u00c9anbhreathn\u00f3ireachta Tready as a bhfaighidh t\u00fa radhairc ar d\u00f3igh ar an loch ag amharc \u00f3 thuaidh agus siar. - Anaclann \u00c9anlaithe Fi\u00e1ine na hInse\",\"isPartOf\":{\"@id\":\"https:\\\/\\\/www.inchwildfowlreserve.ie\\\/ga\\\/#website\"},\"primaryImageOfPage\":{\"@id\":\"https:\\\/\\\/www.inchwildfowlreserve.ie\\\/ga\\\/anseo-cifidh-tu-folachan-eanbhreathnoireachta-tready-as-a-bhfaighidh-tu-radhairc-ar-doigh-ar-an-loch-ag-amharc-o-thuaidh-agus-siar\\\/#primaryimage\"},\"image\":{\"@id\":\"https:\\\/\\\/www.inchwildfowlreserve.ie\\\/ga\\\/anseo-cifidh-tu-folachan-eanbhreathnoireachta-tready-as-a-bhfaighidh-tu-radhairc-ar-doigh-ar-an-loch-ag-amharc-o-thuaidh-agus-siar\\\/#primaryimage\"},\"thumbnailUrl\":\"https:\\\/\\\/www.inchwildfowlreserve.ie\\\/wp-content\\\/uploads\\\/2022\\\/01\\\/Inch_Map-crop-1024x1010.png\",\"datePublished\":\"2022-01-13T14:54:11+00:00\",\"dateModified\":\"2022-07-01T13:52:01+00:00\",\"breadcrumb\":{\"@id\":\"https:\\\/\\\/www.inchwildfowlreserve.ie\\\/ga\\\/anseo-cifidh-tu-folachan-eanbhreathnoireachta-tready-as-a-bhfaighidh-tu-radhairc-ar-doigh-ar-an-loch-ag-amharc-o-thuaidh-agus-siar\\\/#breadcrumb\"},\"inLanguage\":\"ga-IE\",\"potentialAction\":[{\"@type\":\"ReadAction\",\"target\":[\"https:\\\/\\\/www.inchwildfowlreserve.ie\\\/ga\\\/anseo-cifidh-tu-folachan-eanbhreathnoireachta-tready-as-a-bhfaighidh-tu-radhairc-ar-doigh-ar-an-loch-ag-amharc-o-thuaidh-agus-siar\\\/\"]}]},{\"@type\":\"ImageObject\",\"inLanguage\":\"ga-IE\",\"@id\":\"https:\\\/\\\/www.inchwildfowlreserve.ie\\\/ga\\\/anseo-cifidh-tu-folachan-eanbhreathnoireachta-tready-as-a-bhfaighidh-tu-radhairc-ar-doigh-ar-an-loch-ag-amharc-o-thuaidh-agus-siar\\\/#primaryimage\",\"url\":\"https:\\\/\\\/www.inchwildfowlreserve.ie\\\/wp-content\\\/uploads\\\/2022\\\/01\\\/Inch_Map-crop-1024x1010.png\",\"contentUrl\":\"https:\\\/\\\/www.inchwildfowlreserve.ie\\\/wp-content\\\/uploads\\\/2022\\\/01\\\/Inch_Map-crop-1024x1010.png\"},{\"@type\":\"BreadcrumbList\",\"@id\":\"https:\\\/\\\/www.inchwildfowlreserve.ie\\\/ga\\\/anseo-cifidh-tu-folachan-eanbhreathnoireachta-tready-as-a-bhfaighidh-tu-radhairc-ar-doigh-ar-an-loch-ag-amharc-o-thuaidh-agus-siar\\\/#breadcrumb\",\"itemListElement\":[{\"@type\":\"ListItem\",\"position\":1,\"name\":\"Home\",\"item\":\"https:\\\/\\\/www.inchwildfowlreserve.ie\\\/ga\\\/failte\\\/\"},{\"@type\":\"ListItem\",\"position\":2,\"name\":\"Anseo c\u00edfidh t\u00fa Folach\u00e1n \u00c9anbhreathn\u00f3ireachta Tready as a bhfaighidh t\u00fa radhairc ar d\u00f3igh ar an loch ag amharc \u00f3 thuaidh agus siar.\"}]},{\"@type\":\"WebSite\",\"@id\":\"https:\\\/\\\/www.inchwildfowlreserve.ie\\\/ga\\\/#website\",\"url\":\"https:\\\/\\\/www.inchwildfowlreserve.ie\\\/ga\\\/\",\"name\":\"Wexford Wildfowl Reserve\",\"description\":\"\",\"publisher\":{\"@id\":\"https:\\\/\\\/www.inchwildfowlreserve.ie\\\/ga\\\/#organization\"},\"potentialAction\":[{\"@type\":\"SearchAction\",\"target\":{\"@type\":\"EntryPoint\",\"urlTemplate\":\"https:\\\/\\\/www.inchwildfowlreserve.ie\\\/ga\\\/?s={search_term_string}\"},\"query-input\":{\"@type\":\"PropertyValueSpecification\",\"valueRequired\":true,\"valueName\":\"search_term_string\"}}],\"inLanguage\":\"ga-IE\"},{\"@type\":\"Organization\",\"@id\":\"https:\\\/\\\/www.inchwildfowlreserve.ie\\\/ga\\\/#organization\",\"name\":\"Wexford Wildfowl Reserve\",\"url\":\"https:\\\/\\\/www.inchwildfowlreserve.ie\\\/ga\\\/\",\"logo\":{\"@type\":\"ImageObject\",\"inLanguage\":\"ga-IE\",\"@id\":\"https:\\\/\\\/www.inchwildfowlreserve.ie\\\/ga\\\/#\\\/schema\\\/logo\\\/image\\\/\",\"url\":\"https:\\\/\\\/www.wexfordwildfowlreserve.ie\\\/wp-content\\\/uploads\\\/2018\\\/10\\\/WWP-sized.png\",\"contentUrl\":\"https:\\\/\\\/www.wexfordwildfowlreserve.ie\\\/wp-content\\\/uploads\\\/2018\\\/10\\\/WWP-sized.png\",\"width\":404,\"height\":100,\"caption\":\"Wexford Wildfowl Reserve\"},\"image\":{\"@id\":\"https:\\\/\\\/www.inchwildfowlreserve.ie\\\/ga\\\/#\\\/schema\\\/logo\\\/image\\\/\"}}]}<\/script>\n<!-- \/ Yoast SEO plugin. -->","yoast_head_json":{"title":"Anseo c\u00edfidh t\u00fa Folach\u00e1n \u00c9anbhreathn\u00f3ireachta Tready as a bhfaighidh t\u00fa radhairc ar d\u00f3igh ar an loch ag amharc \u00f3 thuaidh agus siar. - Anaclann \u00c9anlaithe Fi\u00e1ine na hInse","robots":{"index":"index","follow":"follow","max-snippet":"max-snippet:-1","max-image-preview":"max-image-preview:large","max-video-preview":"max-video-preview:-1"},"canonical":"https:\/\/www.inchwildfowlreserve.ie\/ga\/anseo-cifidh-tu-folachan-eanbhreathnoireachta-tready-as-a-bhfaighidh-tu-radhairc-ar-doigh-ar-an-loch-ag-amharc-o-thuaidh-agus-siar\/","og_locale":"ga_IE","og_type":"article","og_title":"Anseo c\u00edfidh t\u00fa Folach\u00e1n \u00c9anbhreathn\u00f3ireachta Tready as a bhfaighidh t\u00fa radhairc ar d\u00f3igh ar an loch ag amharc \u00f3 thuaidh agus siar. - Anaclann \u00c9anlaithe Fi\u00e1ine na hInse","og_description":"F\u00e1ilte T\u00e1 Anaclann \u00c9anlaithe Fi\u00e1ine na hInse suite ar an taobh thoir de Loch S\u00fail\u00ed, thart ar 8 km \u00f3 dheas de Bhun Cranncha. Taca\u00edonn s\u00e9 le h\u00e9ags\u00falacht leathan \u00e9an uisce geimhridh, go h\u00e1irithe eala\u00ed agus g\u00e9anna, chomh maith le geabhr\u00f3ga, faoile\u00e1in, lapair\u00ed agus lachain. Is f\u00e9idir le cuairteoir\u00ed f\u00e9achaint ar \u00e9in \u00f3n chos\u00e1n l\u00fabtha...","og_url":"https:\/\/www.inchwildfowlreserve.ie\/ga\/anseo-cifidh-tu-folachan-eanbhreathnoireachta-tready-as-a-bhfaighidh-tu-radhairc-ar-doigh-ar-an-loch-ag-amharc-o-thuaidh-agus-siar\/","og_site_name":"Anaclann \u00c9anlaithe Fi\u00e1ine na hInse","article_modified_time":"2022-07-01T13:52:01+00:00","og_image":[{"url":"https:\/\/www.inchwildfowlreserve.ie\/wp-content\/uploads\/2022\/01\/Inch_Map-crop-1024x1010.png","type":"","width":"","height":""}],"twitter_card":"summary_large_image","twitter_misc":{"Est. reading time":"3 minutes"},"schema":{"@context":"https:\/\/schema.org","@graph":[{"@type":"WebPage","@id":"https:\/\/www.inchwildfowlreserve.ie\/ga\/anseo-cifidh-tu-folachan-eanbhreathnoireachta-tready-as-a-bhfaighidh-tu-radhairc-ar-doigh-ar-an-loch-ag-amharc-o-thuaidh-agus-siar\/","url":"https:\/\/www.inchwildfowlreserve.ie\/ga\/anseo-cifidh-tu-folachan-eanbhreathnoireachta-tready-as-a-bhfaighidh-tu-radhairc-ar-doigh-ar-an-loch-ag-amharc-o-thuaidh-agus-siar\/","name":"Anseo c\u00edfidh t\u00fa Folach\u00e1n \u00c9anbhreathn\u00f3ireachta Tready as a bhfaighidh t\u00fa radhairc ar d\u00f3igh ar an loch ag amharc \u00f3 thuaidh agus siar. - Anaclann \u00c9anlaithe Fi\u00e1ine na hInse","isPartOf":{"@id":"https:\/\/www.inchwildfowlreserve.ie\/ga\/#website"},"primaryImageOfPage":{"@id":"https:\/\/www.inchwildfowlreserve.ie\/ga\/anseo-cifidh-tu-folachan-eanbhreathnoireachta-tready-as-a-bhfaighidh-tu-radhairc-ar-doigh-ar-an-loch-ag-amharc-o-thuaidh-agus-siar\/#primaryimage"},"image":{"@id":"https:\/\/www.inchwildfowlreserve.ie\/ga\/anseo-cifidh-tu-folachan-eanbhreathnoireachta-tready-as-a-bhfaighidh-tu-radhairc-ar-doigh-ar-an-loch-ag-amharc-o-thuaidh-agus-siar\/#primaryimage"},"thumbnailUrl":"https:\/\/www.inchwildfowlreserve.ie\/wp-content\/uploads\/2022\/01\/Inch_Map-crop-1024x1010.png","datePublished":"2022-01-13T14:54:11+00:00","dateModified":"2022-07-01T13:52:01+00:00","breadcrumb":{"@id":"https:\/\/www.inchwildfowlreserve.ie\/ga\/anseo-cifidh-tu-folachan-eanbhreathnoireachta-tready-as-a-bhfaighidh-tu-radhairc-ar-doigh-ar-an-loch-ag-amharc-o-thuaidh-agus-siar\/#breadcrumb"},"inLanguage":"ga-IE","potentialAction":[{"@type":"ReadAction","target":["https:\/\/www.inchwildfowlreserve.ie\/ga\/anseo-cifidh-tu-folachan-eanbhreathnoireachta-tready-as-a-bhfaighidh-tu-radhairc-ar-doigh-ar-an-loch-ag-amharc-o-thuaidh-agus-siar\/"]}]},{"@type":"ImageObject","inLanguage":"ga-IE","@id":"https:\/\/www.inchwildfowlreserve.ie\/ga\/anseo-cifidh-tu-folachan-eanbhreathnoireachta-tready-as-a-bhfaighidh-tu-radhairc-ar-doigh-ar-an-loch-ag-amharc-o-thuaidh-agus-siar\/#primaryimage","url":"https:\/\/www.inchwildfowlreserve.ie\/wp-content\/uploads\/2022\/01\/Inch_Map-crop-1024x1010.png","contentUrl":"https:\/\/www.inchwildfowlreserve.ie\/wp-content\/uploads\/2022\/01\/Inch_Map-crop-1024x1010.png"},{"@type":"BreadcrumbList","@id":"https:\/\/www.inchwildfowlreserve.ie\/ga\/anseo-cifidh-tu-folachan-eanbhreathnoireachta-tready-as-a-bhfaighidh-tu-radhairc-ar-doigh-ar-an-loch-ag-amharc-o-thuaidh-agus-siar\/#breadcrumb","itemListElement":[{"@type":"ListItem","position":1,"name":"Home","item":"https:\/\/www.inchwildfowlreserve.ie\/ga\/failte\/"},{"@type":"ListItem","position":2,"name":"Anseo c\u00edfidh t\u00fa Folach\u00e1n \u00c9anbhreathn\u00f3ireachta Tready as a bhfaighidh t\u00fa radhairc ar d\u00f3igh ar an loch ag amharc \u00f3 thuaidh agus siar."}]},{"@type":"WebSite","@id":"https:\/\/www.inchwildfowlreserve.ie\/ga\/#website","url":"https:\/\/www.inchwildfowlreserve.ie\/ga\/","name":"Wexford Wildfowl Reserve","description":"","publisher":{"@id":"https:\/\/www.inchwildfowlreserve.ie\/ga\/#organization"},"potentialAction":[{"@type":"SearchAction","target":{"@type":"EntryPoint","urlTemplate":"https:\/\/www.inchwildfowlreserve.ie\/ga\/?s={search_term_string}"},"query-input":{"@type":"PropertyValueSpecification","valueRequired":true,"valueName":"search_term_string"}}],"inLanguage":"ga-IE"},{"@type":"Organization","@id":"https:\/\/www.inchwildfowlreserve.ie\/ga\/#organization","name":"Wexford Wildfowl Reserve","url":"https:\/\/www.inchwildfowlreserve.ie\/ga\/","logo":{"@type":"ImageObject","inLanguage":"ga-IE","@id":"https:\/\/www.inchwildfowlreserve.ie\/ga\/#\/schema\/logo\/image\/","url":"https:\/\/www.wexfordwildfowlreserve.ie\/wp-content\/uploads\/2018\/10\/WWP-sized.png","contentUrl":"https:\/\/www.wexfordwildfowlreserve.ie\/wp-content\/uploads\/2018\/10\/WWP-sized.png","width":404,"height":100,"caption":"Wexford Wildfowl Reserve"},"image":{"@id":"https:\/\/www.inchwildfowlreserve.ie\/ga\/#\/schema\/logo\/image\/"}}]}},"jetpack_sharing_enabled":true,"_links":{"self":[{"href":"https:\/\/www.inchwildfowlreserve.ie\/ga\/wp-json\/wp\/v2\/pages\/1739","targetHints":{"allow":["GET"]}}],"collection":[{"href":"https:\/\/www.inchwildfowlreserve.ie\/ga\/wp-json\/wp\/v2\/pages"}],"about":[{"href":"https:\/\/www.inchwildfowlreserve.ie\/ga\/wp-json\/wp\/v2\/types\/page"}],"author":[{"embeddable":true,"href":"https:\/\/www.inchwildfowlreserve.ie\/ga\/wp-json\/wp\/v2\/users\/6"}],"replies":[{"embeddable":true,"href":"https:\/\/www.inchwildfowlreserve.ie\/ga\/wp-json\/wp\/v2\/comments?post=1739"}],"version-history":[{"count":6,"href":"https:\/\/www.inchwildfowlreserve.ie\/ga\/wp-json\/wp\/v2\/pages\/1739\/revisions"}],"predecessor-version":[{"id":1754,"href":"https:\/\/www.inchwildfowlreserve.ie\/ga\/wp-json\/wp\/v2\/pages\/1739\/revisions\/1754"}],"wp:attachment":[{"href":"https:\/\/www.inchwildfowlreserve.ie\/ga\/wp-json\/wp\/v2\/media?parent=1739"}],"wp:term":[{"taxonomy":"category","embeddable":true,"href":"https:\/\/www.inchwildfowlreserve.ie\/ga\/wp-json\/wp\/v2\/categories?post=1739"},{"taxonomy":"post_tag","embeddable":true,"href":"https:\/\/www.inchwildfowlreserve.ie\/ga\/wp-json\/wp\/v2\/tags?post=1739"}],"curies":[{"name":"wp","href":"https:\/\/api.w.org\/{rel}","templated":true}]}}