{"id":1713,"date":"2022-01-13T15:21:50","date_gmt":"2022-01-13T15:21:50","guid":{"rendered":"https:\/\/www.inchwildfowlreserve.ie\/folachan-chlaifort-farland\/"},"modified":"2022-07-01T13:52:02","modified_gmt":"2022-07-01T13:52:02","slug":"folachan-chlaifort-farland","status":"publish","type":"page","link":"https:\/\/www.inchwildfowlreserve.ie\/ga\/folachan-chlaifort-farland\/","title":{"rendered":"Folach\u00e1n Chla\u00edfort Farland"},"content":{"rendered":"\n<div class=\"wp-block-buttons is-layout-flex wp-block-buttons-is-layout-flex\">\n<div class=\"wp-block-button\"><a class=\"wp-block-button__link\" href=\"https:\/\/www.inchwildfowlreserve.ie\/ga\/anseo-cifidh-tu-folachan-eanbhreathnoireachta-tready-as-a-bhfaighidh-tu-radhairc-ar-doigh-ar-an-loch-ag-amharc-o-thuaidh-agus-siar\/\">Ar ais<\/a><\/div>\n<\/div>\n<div class=\"wp-block-image\">\n<figure class=\"aligncenter size-full\"><img loading=\"lazy\" decoding=\"async\" width=\"503\" height=\"335\" src=\"https:\/\/www.inchwildfowlreserve.ie\/wp-content\/uploads\/2022\/01\/farland-bank-hide.jpg\" alt=\"Folach&#xE1;n Chla&#xED;fort Farland\" class=\"wp-image-1171\" srcset=\"https:\/\/www.inchwildfowlreserve.ie\/wp-content\/uploads\/2022\/01\/farland-bank-hide.jpg 503w, https:\/\/www.inchwildfowlreserve.ie\/wp-content\/uploads\/2022\/01\/farland-bank-hide-300x200.jpg 300w\" sizes=\"auto, (max-width: 503px) 100vw, 503px\" \/><\/figure>\n<\/div>\n<p id=\"u1600-2\">Anois ag taobh an Oile\u00e1in de Chla\u00edfort Farland, t\u00e1 radhairc gan s\u00e1r\u00fa agat amach ar an Anaclann agus n\u00edos faide anonn. Beidh t\u00fa in ann Grian\u00e1n Ailigh a fheice\u00e1il soir \u00f3 dheas, Caisle\u00e1n na Birte siar \u00f3 dheas, caisle\u00e1n na hInse siar uait agus an Scailp soir \u00f3 thuaidh.<\/p>\n\n<p id=\"u1600-5\">In aice leis an chla\u00edfort ar thaobh an locha is f\u00e9idir leat oile\u00e1in\u00edn beag a fheice\u00e1il. Is anseo is dl\u00faithe at\u00e1 \u00e9in san Anaclann le linn an ts\u00e9as\u00fair ph\u00f3r\u00fach\u00e1in. T\u00e1 na c\u00e9adta geabhr\u00f3g scothdhubh agus sl\u00e9ibh\u00edn\u00ed ann, chomh maith le coil\u00edneacht neamhghn\u00e1ch ph\u00f3r\u00fach\u00e1in d&#8217;eala\u00ed balbha, gan tr\u00e1cht ar lachain bhad\u00e1nacha, mallaird, agus geabhr\u00f3ga.<\/p>\n\n<p id=\"u1600-8\">Is speiceas at\u00e1 faoi bhagairt domhanda iad geabhr\u00f3ga scothdhubh, a \u00e9il\u00edonn iarracht bhreise ina gcaomhn\u00fa. Tugann siad aghaidh gach bliain ar aimsir theo iarthar na hAfraice chun an geimhreadh a chaitheamh ann. Bh\u00ed siad ag streachailt leis an samhradh anseo, at\u00e1 ag \u00e9ir\u00ed n\u00edos fliche gach bliain agus le leibh\u00e9il arda an uisce ar bagairt lean\u00fanach iad do na sic\u00edn\u00ed \u00f3ga. Mar sin, chun an bhagairt \u00f3 thuilte a laghd\u00fa thosaigh muid ar ard\u00e1n saorga a chruth\u00fa ar an oile\u00e1in\u00edn le carraigeacha agus gaineamh. Ar an dea-uair, bh\u00ed na geabhr\u00f3ga s\u00e1sta lena mbaile nua.<\/p>\n\n<p id=\"u1600-3\">\u00a0<\/p>\n\n<p id=\"u1600-6\">\u00a0<\/p>\n","protected":false},"excerpt":{"rendered":"<p>Anois ag taobh an Oile\u00e1in de Chla\u00edfort Farland, t\u00e1 radhairc gan s\u00e1r\u00fa agat amach ar an Anaclann agus n\u00edos faide anonn. Beidh t\u00fa in ann Grian\u00e1n Ailigh a fheice\u00e1il soir \u00f3 dheas, Caisle\u00e1n na Birte siar \u00f3 dheas, caisle\u00e1n na hInse siar uait agus an Scailp soir \u00f3 thuaidh. In aice leis an chla\u00edfort ar&#8230; <\/p>\n","protected":false},"author":6,"featured_media":0,"parent":0,"menu_order":0,"comment_status":"closed","ping_status":"closed","template":"no-sidebar.php","meta":{"footnotes":""},"categories":[],"tags":[],"class_list":["post-1713","page","type-page","status-publish","hentry"],"yoast_head":"<!-- This site is optimized with the Yoast SEO plugin v27.5 - https:\/\/yoast.com\/product\/yoast-seo-wordpress\/ -->\n<title>Folach\u00e1n Chla\u00edfort Farland - Anaclann \u00c9anlaithe Fi\u00e1ine na hInse<\/title>\n<meta name=\"robots\" content=\"index, follow, max-snippet:-1, max-image-preview:large, max-video-preview:-1\" \/>\n<link rel=\"canonical\" href=\"https:\/\/www.inchwildfowlreserve.ie\/ga\/folachan-chlaifort-farland\/\" \/>\n<meta property=\"og:locale\" content=\"ga_IE\" \/>\n<meta property=\"og:type\" content=\"article\" \/>\n<meta property=\"og:title\" content=\"Folach\u00e1n Chla\u00edfort Farland - Anaclann \u00c9anlaithe Fi\u00e1ine na hInse\" \/>\n<meta property=\"og:description\" content=\"Anois ag taobh an Oile\u00e1in de Chla\u00edfort Farland, t\u00e1 radhairc gan s\u00e1r\u00fa agat amach ar an Anaclann agus n\u00edos faide anonn. Beidh t\u00fa in ann Grian\u00e1n Ailigh a fheice\u00e1il soir \u00f3 dheas, Caisle\u00e1n na Birte siar \u00f3 dheas, caisle\u00e1n na hInse siar uait agus an Scailp soir \u00f3 thuaidh. In aice leis an chla\u00edfort ar...\" \/>\n<meta property=\"og:url\" content=\"https:\/\/www.inchwildfowlreserve.ie\/ga\/folachan-chlaifort-farland\/\" \/>\n<meta property=\"og:site_name\" content=\"Anaclann \u00c9anlaithe Fi\u00e1ine na hInse\" \/>\n<meta property=\"article:modified_time\" content=\"2022-07-01T13:52:02+00:00\" \/>\n<meta property=\"og:image\" content=\"https:\/\/www.inchwildfowlreserve.ie\/wp-content\/uploads\/2022\/01\/farland-bank-hide.jpg\" \/>\n<meta name=\"twitter:card\" content=\"summary_large_image\" \/>\n<meta name=\"twitter:label1\" content=\"Est. reading time\" \/>\n\t<meta name=\"twitter:data1\" content=\"1 minute\" \/>\n<script type=\"application\/ld+json\" class=\"yoast-schema-graph\">{\"@context\":\"https:\\\/\\\/schema.org\",\"@graph\":[{\"@type\":\"WebPage\",\"@id\":\"https:\\\/\\\/www.inchwildfowlreserve.ie\\\/ga\\\/folachan-chlaifort-farland\\\/\",\"url\":\"https:\\\/\\\/www.inchwildfowlreserve.ie\\\/ga\\\/folachan-chlaifort-farland\\\/\",\"name\":\"Folach\u00e1n Chla\u00edfort Farland - Anaclann \u00c9anlaithe Fi\u00e1ine na hInse\",\"isPartOf\":{\"@id\":\"https:\\\/\\\/www.inchwildfowlreserve.ie\\\/ga\\\/#website\"},\"primaryImageOfPage\":{\"@id\":\"https:\\\/\\\/www.inchwildfowlreserve.ie\\\/ga\\\/folachan-chlaifort-farland\\\/#primaryimage\"},\"image\":{\"@id\":\"https:\\\/\\\/www.inchwildfowlreserve.ie\\\/ga\\\/folachan-chlaifort-farland\\\/#primaryimage\"},\"thumbnailUrl\":\"https:\\\/\\\/www.inchwildfowlreserve.ie\\\/wp-content\\\/uploads\\\/2022\\\/01\\\/farland-bank-hide.jpg\",\"datePublished\":\"2022-01-13T15:21:50+00:00\",\"dateModified\":\"2022-07-01T13:52:02+00:00\",\"breadcrumb\":{\"@id\":\"https:\\\/\\\/www.inchwildfowlreserve.ie\\\/ga\\\/folachan-chlaifort-farland\\\/#breadcrumb\"},\"inLanguage\":\"ga-IE\",\"potentialAction\":[{\"@type\":\"ReadAction\",\"target\":[\"https:\\\/\\\/www.inchwildfowlreserve.ie\\\/ga\\\/folachan-chlaifort-farland\\\/\"]}]},{\"@type\":\"ImageObject\",\"inLanguage\":\"ga-IE\",\"@id\":\"https:\\\/\\\/www.inchwildfowlreserve.ie\\\/ga\\\/folachan-chlaifort-farland\\\/#primaryimage\",\"url\":\"https:\\\/\\\/www.inchwildfowlreserve.ie\\\/wp-content\\\/uploads\\\/2022\\\/01\\\/farland-bank-hide.jpg\",\"contentUrl\":\"https:\\\/\\\/www.inchwildfowlreserve.ie\\\/wp-content\\\/uploads\\\/2022\\\/01\\\/farland-bank-hide.jpg\"},{\"@type\":\"BreadcrumbList\",\"@id\":\"https:\\\/\\\/www.inchwildfowlreserve.ie\\\/ga\\\/folachan-chlaifort-farland\\\/#breadcrumb\",\"itemListElement\":[{\"@type\":\"ListItem\",\"position\":1,\"name\":\"Home\",\"item\":\"https:\\\/\\\/www.inchwildfowlreserve.ie\\\/ga\\\/failte\\\/\"},{\"@type\":\"ListItem\",\"position\":2,\"name\":\"Folach\u00e1n Chla\u00edfort Farland\"}]},{\"@type\":\"WebSite\",\"@id\":\"https:\\\/\\\/www.inchwildfowlreserve.ie\\\/ga\\\/#website\",\"url\":\"https:\\\/\\\/www.inchwildfowlreserve.ie\\\/ga\\\/\",\"name\":\"Wexford Wildfowl Reserve\",\"description\":\"\",\"publisher\":{\"@id\":\"https:\\\/\\\/www.inchwildfowlreserve.ie\\\/ga\\\/#organization\"},\"potentialAction\":[{\"@type\":\"SearchAction\",\"target\":{\"@type\":\"EntryPoint\",\"urlTemplate\":\"https:\\\/\\\/www.inchwildfowlreserve.ie\\\/ga\\\/?s={search_term_string}\"},\"query-input\":{\"@type\":\"PropertyValueSpecification\",\"valueRequired\":true,\"valueName\":\"search_term_string\"}}],\"inLanguage\":\"ga-IE\"},{\"@type\":\"Organization\",\"@id\":\"https:\\\/\\\/www.inchwildfowlreserve.ie\\\/ga\\\/#organization\",\"name\":\"Wexford Wildfowl Reserve\",\"url\":\"https:\\\/\\\/www.inchwildfowlreserve.ie\\\/ga\\\/\",\"logo\":{\"@type\":\"ImageObject\",\"inLanguage\":\"ga-IE\",\"@id\":\"https:\\\/\\\/www.inchwildfowlreserve.ie\\\/ga\\\/#\\\/schema\\\/logo\\\/image\\\/\",\"url\":\"https:\\\/\\\/www.wexfordwildfowlreserve.ie\\\/wp-content\\\/uploads\\\/2018\\\/10\\\/WWP-sized.png\",\"contentUrl\":\"https:\\\/\\\/www.wexfordwildfowlreserve.ie\\\/wp-content\\\/uploads\\\/2018\\\/10\\\/WWP-sized.png\",\"width\":404,\"height\":100,\"caption\":\"Wexford Wildfowl Reserve\"},\"image\":{\"@id\":\"https:\\\/\\\/www.inchwildfowlreserve.ie\\\/ga\\\/#\\\/schema\\\/logo\\\/image\\\/\"}}]}<\/script>\n<!-- \/ Yoast SEO plugin. -->","yoast_head_json":{"title":"Folach\u00e1n Chla\u00edfort Farland - Anaclann \u00c9anlaithe Fi\u00e1ine na hInse","robots":{"index":"index","follow":"follow","max-snippet":"max-snippet:-1","max-image-preview":"max-image-preview:large","max-video-preview":"max-video-preview:-1"},"canonical":"https:\/\/www.inchwildfowlreserve.ie\/ga\/folachan-chlaifort-farland\/","og_locale":"ga_IE","og_type":"article","og_title":"Folach\u00e1n Chla\u00edfort Farland - Anaclann \u00c9anlaithe Fi\u00e1ine na hInse","og_description":"Anois ag taobh an Oile\u00e1in de Chla\u00edfort Farland, t\u00e1 radhairc gan s\u00e1r\u00fa agat amach ar an Anaclann agus n\u00edos faide anonn. Beidh t\u00fa in ann Grian\u00e1n Ailigh a fheice\u00e1il soir \u00f3 dheas, Caisle\u00e1n na Birte siar \u00f3 dheas, caisle\u00e1n na hInse siar uait agus an Scailp soir \u00f3 thuaidh. In aice leis an chla\u00edfort ar...","og_url":"https:\/\/www.inchwildfowlreserve.ie\/ga\/folachan-chlaifort-farland\/","og_site_name":"Anaclann \u00c9anlaithe Fi\u00e1ine na hInse","article_modified_time":"2022-07-01T13:52:02+00:00","og_image":[{"url":"https:\/\/www.inchwildfowlreserve.ie\/wp-content\/uploads\/2022\/01\/farland-bank-hide.jpg","type":"","width":"","height":""}],"twitter_card":"summary_large_image","twitter_misc":{"Est. reading time":"1 minute"},"schema":{"@context":"https:\/\/schema.org","@graph":[{"@type":"WebPage","@id":"https:\/\/www.inchwildfowlreserve.ie\/ga\/folachan-chlaifort-farland\/","url":"https:\/\/www.inchwildfowlreserve.ie\/ga\/folachan-chlaifort-farland\/","name":"Folach\u00e1n Chla\u00edfort Farland - Anaclann \u00c9anlaithe Fi\u00e1ine na hInse","isPartOf":{"@id":"https:\/\/www.inchwildfowlreserve.ie\/ga\/#website"},"primaryImageOfPage":{"@id":"https:\/\/www.inchwildfowlreserve.ie\/ga\/folachan-chlaifort-farland\/#primaryimage"},"image":{"@id":"https:\/\/www.inchwildfowlreserve.ie\/ga\/folachan-chlaifort-farland\/#primaryimage"},"thumbnailUrl":"https:\/\/www.inchwildfowlreserve.ie\/wp-content\/uploads\/2022\/01\/farland-bank-hide.jpg","datePublished":"2022-01-13T15:21:50+00:00","dateModified":"2022-07-01T13:52:02+00:00","breadcrumb":{"@id":"https:\/\/www.inchwildfowlreserve.ie\/ga\/folachan-chlaifort-farland\/#breadcrumb"},"inLanguage":"ga-IE","potentialAction":[{"@type":"ReadAction","target":["https:\/\/www.inchwildfowlreserve.ie\/ga\/folachan-chlaifort-farland\/"]}]},{"@type":"ImageObject","inLanguage":"ga-IE","@id":"https:\/\/www.inchwildfowlreserve.ie\/ga\/folachan-chlaifort-farland\/#primaryimage","url":"https:\/\/www.inchwildfowlreserve.ie\/wp-content\/uploads\/2022\/01\/farland-bank-hide.jpg","contentUrl":"https:\/\/www.inchwildfowlreserve.ie\/wp-content\/uploads\/2022\/01\/farland-bank-hide.jpg"},{"@type":"BreadcrumbList","@id":"https:\/\/www.inchwildfowlreserve.ie\/ga\/folachan-chlaifort-farland\/#breadcrumb","itemListElement":[{"@type":"ListItem","position":1,"name":"Home","item":"https:\/\/www.inchwildfowlreserve.ie\/ga\/failte\/"},{"@type":"ListItem","position":2,"name":"Folach\u00e1n Chla\u00edfort Farland"}]},{"@type":"WebSite","@id":"https:\/\/www.inchwildfowlreserve.ie\/ga\/#website","url":"https:\/\/www.inchwildfowlreserve.ie\/ga\/","name":"Wexford Wildfowl Reserve","description":"","publisher":{"@id":"https:\/\/www.inchwildfowlreserve.ie\/ga\/#organization"},"potentialAction":[{"@type":"SearchAction","target":{"@type":"EntryPoint","urlTemplate":"https:\/\/www.inchwildfowlreserve.ie\/ga\/?s={search_term_string}"},"query-input":{"@type":"PropertyValueSpecification","valueRequired":true,"valueName":"search_term_string"}}],"inLanguage":"ga-IE"},{"@type":"Organization","@id":"https:\/\/www.inchwildfowlreserve.ie\/ga\/#organization","name":"Wexford Wildfowl Reserve","url":"https:\/\/www.inchwildfowlreserve.ie\/ga\/","logo":{"@type":"ImageObject","inLanguage":"ga-IE","@id":"https:\/\/www.inchwildfowlreserve.ie\/ga\/#\/schema\/logo\/image\/","url":"https:\/\/www.wexfordwildfowlreserve.ie\/wp-content\/uploads\/2018\/10\/WWP-sized.png","contentUrl":"https:\/\/www.wexfordwildfowlreserve.ie\/wp-content\/uploads\/2018\/10\/WWP-sized.png","width":404,"height":100,"caption":"Wexford Wildfowl Reserve"},"image":{"@id":"https:\/\/www.inchwildfowlreserve.ie\/ga\/#\/schema\/logo\/image\/"}}]}},"jetpack_sharing_enabled":true,"_links":{"self":[{"href":"https:\/\/www.inchwildfowlreserve.ie\/ga\/wp-json\/wp\/v2\/pages\/1713","targetHints":{"allow":["GET"]}}],"collection":[{"href":"https:\/\/www.inchwildfowlreserve.ie\/ga\/wp-json\/wp\/v2\/pages"}],"about":[{"href":"https:\/\/www.inchwildfowlreserve.ie\/ga\/wp-json\/wp\/v2\/types\/page"}],"author":[{"embeddable":true,"href":"https:\/\/www.inchwildfowlreserve.ie\/ga\/wp-json\/wp\/v2\/users\/6"}],"replies":[{"embeddable":true,"href":"https:\/\/www.inchwildfowlreserve.ie\/ga\/wp-json\/wp\/v2\/comments?post=1713"}],"version-history":[{"count":2,"href":"https:\/\/www.inchwildfowlreserve.ie\/ga\/wp-json\/wp\/v2\/pages\/1713\/revisions"}],"predecessor-version":[{"id":1755,"href":"https:\/\/www.inchwildfowlreserve.ie\/ga\/wp-json\/wp\/v2\/pages\/1713\/revisions\/1755"}],"wp:attachment":[{"href":"https:\/\/www.inchwildfowlreserve.ie\/ga\/wp-json\/wp\/v2\/media?parent=1713"}],"wp:term":[{"taxonomy":"category","embeddable":true,"href":"https:\/\/www.inchwildfowlreserve.ie\/ga\/wp-json\/wp\/v2\/categories?post=1713"},{"taxonomy":"post_tag","embeddable":true,"href":"https:\/\/www.inchwildfowlreserve.ie\/ga\/wp-json\/wp\/v2\/tags?post=1713"}],"curies":[{"name":"wp","href":"https:\/\/api.w.org\/{rel}","templated":true}]}}